{"version":"1.0","provider_name":"Egy haj\u00f3t\u00f6r\u00f6tt napl\u00f3ja","provider_url":"https:\/\/koralp.cafeblog.hu","author_name":"Koralp","author_url":"https:\/\/koralp.cafeblog.hu\/author\/Koralp-2-2-2-2\/","title":"A Lol\u00e1knak...","html":"<p>&nbsp;<!--[if gte mso 9]><xml>\n <w:WordDocument>\n  <w:View>Normal<\/w:View>\n  <w:Zoom>0<\/w:Zoom>\n  <w:HyphenationZone>21<\/w:HyphenationZone>\n  <w:PunctuationKerning\/>\n  <w:ValidateAgainstSchemas\/>\n  <w:SaveIfXMLInvalid>false<\/w:SaveIfXMLInvalid>\n  <w:IgnoreMixedContent>false<\/w:IgnoreMixedContent>\n  <w:AlwaysShowPlaceholderText>false<\/w:AlwaysShowPlaceholderText>\n  <w:Compatibility>\n   <w:BreakWrappedTables\/>\n   <w:SnapToGridInCell\/>\n   <w:WrapTextWithPunct\/>\n   <w:UseAsianBreakRules\/>\n   <w:DontGrowAutofit\/>\n  <\/w:Compatibility>\n  <w:BrowserLevel>MicrosoftInternetExplorer4<\/w:BrowserLevel>\n <\/w:WordDocument>\n<\/xml><![endif]--><!--[if gte mso 9]><xml>\n <w:LatentStyles DefLockedState=\"false\" LatentStyleCount=\"156\">\n <\/w:LatentStyles>\n<\/xml><![endif]--><!--[if gte mso 10]>\n<style>\n \/* Style Definitions *\/\n table.MsoNormalTable\n\t{mso-style-name:\"Norm\u00e1l t\u00e1bl\u00e1zat\";\n\tmso-tstyle-rowband-size:0;\n\tmso-tstyle-colband-size:0;\n\tmso-style-noshow:yes;\n\tmso-style-parent:\"\";\n\tmso-padding-alt:0cm 5.4pt 0cm 5.4pt;\n\tmso-para-margin:0cm;\n\tmso-para-margin-bottom:.0001pt;\n\tmso-pagination:widow-orphan;\n\tfont-size:10.0pt;\n\tfont-family:\"Times New Roman\";\n\tmso-ansi-language:#0400;\n\tmso-fareast-language:#0400;\n\tmso-bidi-language:#0400;}\n<\/style>\n<![endif]-->\n\n<\/p><p><b style=\"mso-bidi-font-weight:normal\"><span style=\"font-size:14.0pt\">Kedves\nLola!<\/span><\/b><\/p>\n\n<p><b style=\"mso-bidi-font-weight:normal\"><span style=\"font-size:14.0pt\">Jajjj\n\u00fagy l\u00e1tom m\u00e1r megint nagyon beletenyereltem valakinek az \u00f6n\u00e9rzet\u00e9be, valakinek\nism\u00e9t siker\u00fclt megb\u00e1ntani a mim\u00f3za lelkecsk\u00e9j\u00e9t\u2026m\u00e9g mindig elcsod\u00e1lkozom azon,\nhogy mennyire irrit\u00e1l\u00f3 tud lenni szem\u00e9lyem\u2026de h\u00e1t ezeknek az irka-firk\u00e1knak \u00e9pp\nez lenne a l\u00e9nyeg\u00fck, hogy hat\u00e1ssal legyenek\u2026hisz am\u00edg az egyik embernek\ncsillagos \u00f6t\u00f6st \u00e9rt ez az \u00edr\u00e1s, a m\u00e1siknak meg egy rossz sz\u00e1j\u00edzt okozott\u2026de\nett\u0151l kerek a vil\u00e1g, hogy ilyen soksz\u00edn\u0171ek vagyunk\u2026\u00e9s mivel jobb dolgom\nnincsen, \u00e9pp ez\u00e9rt szolg\u00e1ltatsz \u00fajabb gondolatokat, hogy le\u00edrjam, s\u0151t van pof\u00e1m\nm\u00e9g publik\u00e1lni is\u2026<\/span><\/b><\/p>\n\n<p><b style=\"mso-bidi-font-weight:normal\"><span style=\"font-size:14.0pt\">Megpr\u00f3b\u00e1lok\nmost J\u00d3ZAN paraszti \u00e9sszel \u00edrni, hogy felnyissam kicsi \u00e9rtelmed a vil\u00e1gra\u2026\u00edg\u00e9rem\nnem lesz benne semmi magasztos eszme, igyekszem cinizmusomat is a sarokba dobni\u2026<\/span><\/b><\/p>\n\n<p><b style=\"mso-bidi-font-weight:normal\"><span style=\"font-size:14.0pt\">Tudod,\nha eg\u00e9szen m\u00e1s aspektusb\u00f3l k\u00f6zel\u00edtek magamra, egy t\u00f6k norm\u00e1lis, \u00e1tlagos fick\u00f3\nvagyok, ha ismern\u00e9l akkor m\u00e9g kedveln\u00e9l is\u2026hidd el rengeteg ilyen ember szaladg\u00e1l\n\u2013jajj bocs\u00e1nat m\u00e1r megint nagyk\u00e9p\u0171sk\u00f6d\u00f6m- jelen esetben s\u00e1ntik\u00e1l a\nk\u00f6rnyezetedben\u2026nekem is megromlott a kapcsolatom a gyermekeim anyj\u00e1val, \u00e9s egy\nv\u00e9letlen folyt\u00e1n r\u00e1m tal\u00e1lt egy m\u00e1sik ember szem\u00e9ly\u00e9ben a szerelem, a boldogs\u00e1g\u2026azt\u00e1n\nahogy ez lenni szokott, kider\u00fclt, \u00e9s el kellett j\u00f6nn\u00f6m a csal\u00e1domt\u00f3l\u2026az\u00f3ta is vezeklek\nb\u00f6cs\u00fclettel\u2026de soha nem olvashatt\u00e1l mocskol\u00f3d\u00f3 sort err\u0151l a kapcsolatomr\u00f3l sem,\npedig lenne egy p\u00e1r szaftosabb t\u00f6rt\u00e9netem, de nem st\u00edlusom a nyilv\u00e1nos\ns\u00e1rdob\u00e1l\u00e1s\u2026\u00e9s az\u00f3ta \u00e9lem az elv\u00e1lt sz\u00fcl\u0151k \u00e9let\u00e9t\u2026.fizetem norm\u00e1lisan a\ngyerektart\u00e1st, majd minden este felh\u00edvom a gyerekeimet, amikor csak tehetem\nelhozom \u0151ket, \u00e9s igyekszem vel\u00fck elmenni j\u00e1tsz\u00f3t\u00e9rre, \u00e1llatkertbe, strandra\u2026vagy\ncsak szimpl\u00e1n szeretni \u0151ket\u2026de \u00e9n vagyok az is, aki f\u00e9l \u00e9ve dolgozik, \u00e9s soha\nnem hi\u00e1nyzott m\u00e9g a munkahely\u00e9r\u0151l az alkohol miatt egy percet sem, aki\nr\u00e1mosolyog a p\u00e9nzt\u00e1rosn\u0151re vagy a hely\u00e9t \u00e1tadja az id\u0151sebbnek a buszon\u2026mind-mind\n\u00e1ltal\u00e1nos emberi jellemz\u0151\u2026<\/span><\/b><\/p>\n\n<p><b style=\"mso-bidi-font-weight:normal\"><span style=\"font-size:14.0pt\">\u00c9s j\u00f3,\nhogy ennyire ismersz Te is, \u00e9s igazad van, \u00e9n t\u00e9nyleg egy nyomorult vagyok, aki\nel\u00e9g sokszor \u00e9rzi mag\u00e1t nyomorultul is\u2026mert a h\u00e9tk\u00f6znapi \u00e9nemen sokszor fel\u00fcl\nkerekedik az a fr\u00e1nya nagy igazs\u00e1g\u00e9rzetem, az a hiper\u00e9rz\u00e9keny szenzor, ami nem\ntudja elviselni azt, hogy vannak olyan emberek akik megbuknak f\u00e9rjk\u00e9nt,\nsz\u00fcl\u0151k\u00e9nt, EMBERK\u00c9NT de p\u00e9nz\u00e9rt kil\u00f3ra megveszik a kedvesem\u2026.\u00e9s abban a pillanatban\n\u00e9rtelm\u00e9t vesz\u00edti minden, a norm\u00e1lis-h\u00e9tk\u00f6znapi \u00e9nem, vagy \u00e9pp a mindent l\u00e1ngba\nbor\u00edt\u00f3 szerelmem\u2026aminek m\u00e1s a k\u00f6zel\u00e9ben nem tud j\u00e1rni, ami\u00e9rt m\u00e1s az \u00e9let\u00e9t\nodaadn\u00e1, csak hogy megtapasztalhassa egyszer az \u00e9letben egy szelet\u00e9t\u2026<\/span><\/b><\/p>\n\n<p><b style=\"mso-bidi-font-weight:normal\"><span style=\"font-size:14.0pt\">Nos\nilyenkor t\u00e9nyleg nincs m\u00e1s \u00fat, pokolra kell sz\u00e1llni annak aki \u00e9rt\u00e9kelni tudja a\nmennyet, nos ilyenkor amikor szar az eg\u00e9sz, akkor kell a \u201ebutit\u00f3 szesz\u201d,\nelmenek\u00fclni legal\u00e1bb ideig \u00f3r\u00e1ig ebb\u0151l a posv\u00e1nyb\u00f3l, a sz\u00fcrke emberek, sz\u00fcrke\n\u00e9leteib\u0151l\u2026\u00e9s h\u00e1t ez mag\u00e1val hozza az \u00edr\u00e1si k\u00e9nyszert, vagy ahogy Ady \u00e9s nem \u00e9n\n\u00edrtam: <\/span><\/b>Ez m\u00e1r eg\u00e9szen m\u0171v\u00e9sz-\u00e9rz\u00e9s, s ilyenkor szeretem csak\nHom\u00e9roszt, vagy a Led Zeppelint s ilyenkor tudom \u00fagy elk\u00e9pzelni Michelangel\u00f3t,\nahogy illik.<\/p>\n\n<p><b style=\"mso-bidi-font-weight:normal\"><span style=\"font-size:14.0pt\">Ez az\n\u00fat k\u00e9ts\u00e9gtelen nem vezethet csak a mag\u00e1nyhoz, de nincs m\u00e1s \u00fat\u2026azt\u00e1n ebben a\nmag\u00e1nyban tud vigasz lenni a gyermekeim felh\u0151tlen kacag\u00e1sa, az amikor hozz\u00e1m\nb\u00fajnak, \u00e9s azt mondj\u00e1k \u2013szeretlek apa\u2026de lehet egy kiny\u00fajtott bar\u00e1ti k\u00e9z is,\nvagy \u00e9pp a hozz\u00e1sz\u00f3l\u00e1sod, hogy vannak emberek akiknek sokkal szarabb,\nnyomorultabb az \u00e9let\u00fck\u2026akik k\u00e9ptelenek elfogadni a m\u00e1ss\u00e1got, akik soha nem\nfogj\u00e1k megl\u00e1tni egy m\u00e1sik ember sorsa m\u00f6g\u00f6tt mi rejlik, mert k\u00e9ptelenek azonosulni\n<span style=\"mso-spacerun:yes\">&nbsp;<\/span>azzal, ami nem az \u0150 \u201e\u00e9rt\u00e9krendj\u00fck\u201d\nszerint van\u2026.\u00e9s ostobas\u00e1guknak, rossz indulatuknak m\u00e9g hangot is adnak\u2026azt\nhiszem erre innom is kell\u2026egy poh\u00e1r sz\u00f3d\u00e1t, mert kurv\u00e1ra \u00e9g a belem a tegnapi\nbort\u00f3l\u2026<\/span><\/b><\/p>","type":"rich"}